{"version":"1.0","provider_name":"Choralies 2025","provider_url":"https:\/\/choralies.fr\/en\/","author_name":"amarconnet","author_url":"https:\/\/choralies.fr\/en\/author\/amarconnet\/","title":"Ch\u0153ur acad\u00e9mique de la R\u00e9union","type":"rich","width":600,"height":338,"html":"<blockquote class=\"wp-embedded-content\" data-secret=\"ErBO349EDg\"><a href=\"https:\/\/choralies.fr\/en\/artists\/choeur-academique-de-la-reunion\/\">Ch\u0153ur acad\u00e9mique de la R\u00e9union<\/a><\/blockquote><iframe sandbox=\"allow-scripts\" security=\"restricted\" src=\"https:\/\/choralies.fr\/en\/artists\/choeur-academique-de-la-reunion\/embed\/#?secret=ErBO349EDg\" width=\"600\" height=\"338\" title=\"&#8220;Ch\u0153ur acad\u00e9mique de la R\u00e9union&#8221; &#8212; Choralies 2025\" data-secret=\"ErBO349EDg\" frameborder=\"0\" marginwidth=\"0\" marginheight=\"0\" scrolling=\"no\" class=\"wp-embedded-content\"><\/iframe><script>\n\/*! This file is auto-generated *\/\n!function(d,l){\"use strict\";l.querySelector&&d.addEventListener&&\"undefined\"!=typeof URL&&(d.wp=d.wp||{},d.wp.receiveEmbedMessage||(d.wp.receiveEmbedMessage=function(e){var t=e.data;if((t||t.secret||t.message||t.value)&&!\/[^a-zA-Z0-9]\/.test(t.secret)){for(var s,r,n,a=l.querySelectorAll('iframe[data-secret=\"'+t.secret+'\"]'),o=l.querySelectorAll('blockquote[data-secret=\"'+t.secret+'\"]'),c=new RegExp(\"^https?:$\",\"i\"),i=0;i<o.length;i++)o[i].style.display=\"none\";for(i=0;i<a.length;i++)s=a[i],e.source===s.contentWindow&&(s.removeAttribute(\"style\"),\"height\"===t.message?(1e3<(r=parseInt(t.value,10))?r=1e3:~~r<200&&(r=200),s.height=r):\"link\"===t.message&&(r=new URL(s.getAttribute(\"src\")),n=new URL(t.value),c.test(n.protocol))&&n.host===r.host&&l.activeElement===s&&(d.top.location.href=t.value))}},d.addEventListener(\"message\",d.wp.receiveEmbedMessage,!1),l.addEventListener(\"DOMContentLoaded\",function(){for(var e,t,s=l.querySelectorAll(\"iframe.wp-embedded-content\"),r=0;r<s.length;r++)(t=(e=s[r]).getAttribute(\"data-secret\"))||(t=Math.random().toString(36).substring(2,12),e.src+=\"#?secret=\"+t,e.setAttribute(\"data-secret\",t)),e.contentWindow.postMessage({message:\"ready\",secret:t},\"*\")},!1)))}(window,document);\n\/\/# sourceURL=https:\/\/choralies.fr\/wp-includes\/js\/wp-embed.min.js\n<\/script>\n","thumbnail_url":"https:\/\/choralies.fr\/wp-content\/uploads\/Choeur-Academique-de-la-Reunion.jpeg","thumbnail_width":2048,"thumbnail_height":1365,"description":"Direction : Benjamin Ingrao Le ch\u0153ur acad\u00e9mique est un ch\u0153ur de formation des enseignants en \u00e9ducation musicale de la R\u00e9union. Il existe depuis 2010. Le ch\u0153ur est dirig\u00e9 tout au long de l\u2019ann\u00e9e par sa fondatrice, Nadine Welinski, mais il invite tr\u00e8s r\u00e9guli\u00e8rement des chef(e)s pour partager avec eux leur exp\u00e9rience et leurs comp\u00e9tences. Le [&hellip;]"}