{"version":"1.0","provider_name":"Choralies 2025","provider_url":"https:\/\/choralies.fr\/en\/","author_name":"amarconnet","author_url":"https:\/\/choralies.fr\/en\/author\/amarconnet\/","title":"Ch\u0153ur Panafricain Afrikiyo !","type":"rich","width":600,"height":338,"html":"<blockquote class=\"wp-embedded-content\" data-secret=\"W0nsK6Z4il\"><a href=\"https:\/\/choralies.fr\/en\/artists\/choeur-parafricain-afrikiyo\/\">Ch\u0153ur Panafricain Afrikiyo !<\/a><\/blockquote><iframe sandbox=\"allow-scripts\" security=\"restricted\" src=\"https:\/\/choralies.fr\/en\/artists\/choeur-parafricain-afrikiyo\/embed\/#?secret=W0nsK6Z4il\" width=\"600\" height=\"338\" title=\"&#8220;Ch\u0153ur Panafricain Afrikiyo !&#8221; &#8212; Choralies 2025\" data-secret=\"W0nsK6Z4il\" frameborder=\"0\" marginwidth=\"0\" marginheight=\"0\" scrolling=\"no\" class=\"wp-embedded-content\"><\/iframe><script>\n\/*! This file is auto-generated *\/\n!function(d,l){\"use strict\";l.querySelector&&d.addEventListener&&\"undefined\"!=typeof URL&&(d.wp=d.wp||{},d.wp.receiveEmbedMessage||(d.wp.receiveEmbedMessage=function(e){var t=e.data;if((t||t.secret||t.message||t.value)&&!\/[^a-zA-Z0-9]\/.test(t.secret)){for(var s,r,n,a=l.querySelectorAll('iframe[data-secret=\"'+t.secret+'\"]'),o=l.querySelectorAll('blockquote[data-secret=\"'+t.secret+'\"]'),c=new RegExp(\"^https?:$\",\"i\"),i=0;i<o.length;i++)o[i].style.display=\"none\";for(i=0;i<a.length;i++)s=a[i],e.source===s.contentWindow&&(s.removeAttribute(\"style\"),\"height\"===t.message?(1e3<(r=parseInt(t.value,10))?r=1e3:~~r<200&&(r=200),s.height=r):\"link\"===t.message&&(r=new URL(s.getAttribute(\"src\")),n=new URL(t.value),c.test(n.protocol))&&n.host===r.host&&l.activeElement===s&&(d.top.location.href=t.value))}},d.addEventListener(\"message\",d.wp.receiveEmbedMessage,!1),l.addEventListener(\"DOMContentLoaded\",function(){for(var e,t,s=l.querySelectorAll(\"iframe.wp-embedded-content\"),r=0;r<s.length;r++)(t=(e=s[r]).getAttribute(\"data-secret\"))||(t=Math.random().toString(36).substring(2,12),e.src+=\"#?secret=\"+t,e.setAttribute(\"data-secret\",t)),e.contentWindow.postMessage({message:\"ready\",secret:t},\"*\")},!1)))}(window,document);\n\/\/# sourceURL=https:\/\/choralies.fr\/wp-includes\/js\/wp-embed.min.js\n<\/script>\n","thumbnail_url":"https:\/\/choralies.fr\/wp-content\/uploads\/Afrikiyo-3.jpg","thumbnail_width":1080,"thumbnail_height":810,"description":"Direction : Lucien Mendy Ch\u0153ur mixte la\u00efc interculturel compos\u00e9 d\u2019une trentaine de choristes, cr\u00e9\u00e9 en 2009 par Yveline Damas, AFRIKIYO! est sp\u00e9cialis\u00e9 dans la cr\u00e9ation, l\u2019adaptation et l\u2019interpr\u00e9tation d\u2019\u0153uvres vari\u00e9es du folklore africain, des polyphonies traditionnelles, et des musiques afro-am\u00e9ricaines et des Cara\u00efbes. A travers son r\u00e9pertoire, une ambition : revaloriser le patrimoine culturel panafricain [&hellip;]"}