{"version":"1.0","provider_name":"Choralies 2025","provider_url":"https:\/\/choralies.fr\/en\/","author_name":"amarconnet","author_url":"https:\/\/choralies.fr\/en\/author\/amarconnet\/","title":"Ch\u0153ur R\u00e9gional des Jeunes \u00cele de France","type":"rich","width":600,"height":338,"html":"<blockquote class=\"wp-embedded-content\" data-secret=\"I3Rhc1AzG5\"><a href=\"https:\/\/choralies.fr\/en\/artists\/crj-ile-de-france\/\">Ch\u0153ur R\u00e9gional des Jeunes \u00cele de France<\/a><\/blockquote><iframe sandbox=\"allow-scripts\" security=\"restricted\" src=\"https:\/\/choralies.fr\/en\/artists\/crj-ile-de-france\/embed\/#?secret=I3Rhc1AzG5\" width=\"600\" height=\"338\" title=\"&#8220;Ch\u0153ur R\u00e9gional des Jeunes \u00cele de France&#8221; &#8212; Choralies 2025\" data-secret=\"I3Rhc1AzG5\" frameborder=\"0\" marginwidth=\"0\" marginheight=\"0\" scrolling=\"no\" class=\"wp-embedded-content\"><\/iframe><script>\n\/*! This file is auto-generated *\/\n!function(d,l){\"use strict\";l.querySelector&&d.addEventListener&&\"undefined\"!=typeof URL&&(d.wp=d.wp||{},d.wp.receiveEmbedMessage||(d.wp.receiveEmbedMessage=function(e){var t=e.data;if((t||t.secret||t.message||t.value)&&!\/[^a-zA-Z0-9]\/.test(t.secret)){for(var s,r,n,a=l.querySelectorAll('iframe[data-secret=\"'+t.secret+'\"]'),o=l.querySelectorAll('blockquote[data-secret=\"'+t.secret+'\"]'),c=new RegExp(\"^https?:$\",\"i\"),i=0;i<o.length;i++)o[i].style.display=\"none\";for(i=0;i<a.length;i++)s=a[i],e.source===s.contentWindow&&(s.removeAttribute(\"style\"),\"height\"===t.message?(1e3<(r=parseInt(t.value,10))?r=1e3:~~r<200&&(r=200),s.height=r):\"link\"===t.message&&(r=new URL(s.getAttribute(\"src\")),n=new URL(t.value),c.test(n.protocol))&&n.host===r.host&&l.activeElement===s&&(d.top.location.href=t.value))}},d.addEventListener(\"message\",d.wp.receiveEmbedMessage,!1),l.addEventListener(\"DOMContentLoaded\",function(){for(var e,t,s=l.querySelectorAll(\"iframe.wp-embedded-content\"),r=0;r<s.length;r++)(t=(e=s[r]).getAttribute(\"data-secret\"))||(t=Math.random().toString(36).substring(2,12),e.src+=\"#?secret=\"+t,e.setAttribute(\"data-secret\",t)),e.contentWindow.postMessage({message:\"ready\",secret:t},\"*\")},!1)))}(window,document);\n\/\/# sourceURL=https:\/\/choralies.fr\/wp-includes\/js\/wp-embed.min.js\n<\/script>\n","thumbnail_url":"https:\/\/choralies.fr\/wp-content\/uploads\/CRJ.jpg","thumbnail_width":2048,"thumbnail_height":1154,"description":"Direction : Arnaud L\u00e9ger Cr\u00e9\u00e9 en 2022, le ch\u0153ur r\u00e9gional des jeunes se donne pour objectif de soutenir, repr\u00e9senter et partager la vitalit\u00e9 du chant choral fran\u00e7ais. Compos\u00e9 actuellement de 28 choristes amateurs recrut\u00e9s sur audition, \u00e2g\u00e9s de 18 \u00e0 35 ans, le Ch\u0153ur R\u00e9gional des jeunes Ile-de-France se r\u00e9unit lors de sessions et de [&hellip;]"}