{"version":"1.0","provider_name":"Choralies 2025","provider_url":"https:\/\/choralies.fr\/en\/","author_name":"amarconnet","author_url":"https:\/\/choralies.fr\/en\/author\/amarconnet\/","title":"Inspirations - Ch\u0153ur R\u00e9gional des jeunes Auvergne-Rh\u00f4ne-Alpes","type":"rich","width":600,"height":338,"html":"<blockquote class=\"wp-embedded-content\" data-secret=\"xYYTeEmFl8\"><a href=\"https:\/\/choralies.fr\/en\/artists\/inspirations-choeur-regional-des-jeunes-auvergne-rhone-alpes\/\">Inspirations &#8211; Ch\u0153ur R\u00e9gional des jeunes Auvergne-Rh\u00f4ne-Alpes<\/a><\/blockquote><iframe sandbox=\"allow-scripts\" security=\"restricted\" src=\"https:\/\/choralies.fr\/en\/artists\/inspirations-choeur-regional-des-jeunes-auvergne-rhone-alpes\/embed\/#?secret=xYYTeEmFl8\" width=\"600\" height=\"338\" title=\"&#8220;Inspirations &#8211; Ch\u0153ur R\u00e9gional des jeunes Auvergne-Rh\u00f4ne-Alpes&#8221; &#8212; Choralies 2025\" data-secret=\"xYYTeEmFl8\" frameborder=\"0\" marginwidth=\"0\" marginheight=\"0\" scrolling=\"no\" class=\"wp-embedded-content\"><\/iframe><script>\n\/*! This file is auto-generated *\/\n!function(d,l){\"use strict\";l.querySelector&&d.addEventListener&&\"undefined\"!=typeof URL&&(d.wp=d.wp||{},d.wp.receiveEmbedMessage||(d.wp.receiveEmbedMessage=function(e){var t=e.data;if((t||t.secret||t.message||t.value)&&!\/[^a-zA-Z0-9]\/.test(t.secret)){for(var s,r,n,a=l.querySelectorAll('iframe[data-secret=\"'+t.secret+'\"]'),o=l.querySelectorAll('blockquote[data-secret=\"'+t.secret+'\"]'),c=new RegExp(\"^https?:$\",\"i\"),i=0;i<o.length;i++)o[i].style.display=\"none\";for(i=0;i<a.length;i++)s=a[i],e.source===s.contentWindow&&(s.removeAttribute(\"style\"),\"height\"===t.message?(1e3<(r=parseInt(t.value,10))?r=1e3:~~r<200&&(r=200),s.height=r):\"link\"===t.message&&(r=new URL(s.getAttribute(\"src\")),n=new URL(t.value),c.test(n.protocol))&&n.host===r.host&&l.activeElement===s&&(d.top.location.href=t.value))}},d.addEventListener(\"message\",d.wp.receiveEmbedMessage,!1),l.addEventListener(\"DOMContentLoaded\",function(){for(var e,t,s=l.querySelectorAll(\"iframe.wp-embedded-content\"),r=0;r<s.length;r++)(t=(e=s[r]).getAttribute(\"data-secret\"))||(t=Math.random().toString(36).substring(2,12),e.src+=\"#?secret=\"+t,e.setAttribute(\"data-secret\",t)),e.contentWindow.postMessage({message:\"ready\",secret:t},\"*\")},!1)))}(window,document);\n\/\/# sourceURL=https:\/\/choralies.fr\/wp-includes\/js\/wp-embed.min.js\n<\/script>\n","thumbnail_url":"https:\/\/choralies.fr\/wp-content\/uploads\/Inspirations_Nicolas-Moulin_2.jpg","thumbnail_width":780,"thumbnail_height":520,"description":"Direction : Maud Hamon-Loisance et Nicolas Parisot Depuis Ao\u00fbt 2018, le Ch\u0153ur R\u00e9gional de Jeunes Inspirations r\u00e9unit une troupe d\u2019une vingtaine de chanteurs de 18 \u00e0 30 ans venant des 4 coins de la r\u00e9gion. Travaillant par sessions et en itin\u00e9rance, le ch\u0153ur r\u00e9p\u00e8te et se produit \u00e0 Gresse-en-Vercors (38), Grenoble (38), Chamb\u00e9ry (73), Lyon [&hellip;]"}